{"id":4479,"date":"2017-02-02T11:21:42","date_gmt":"2017-02-02T10:21:42","guid":{"rendered":"http:\/\/www.swiss-retail.ch\/dienstleistungen\/"},"modified":"2024-08-20T12:44:23","modified_gmt":"2024-08-20T10:44:23","slug":"verbands-services","status":"publish","type":"page","link":"https:\/\/www.swiss-retail.ch\/fr\/verbands-services\/","title":{"rendered":"Services de notre l\u2019association"},"content":{"rendered":"<div id='full_slider_1'  class='avia-fullwidth-slider main_color avia-shadow   avia-builder-el-0  el_before_av_section  avia-builder-el-first   container_wrap sidebar_left' style=' '  ><div   data-size='featured'  data-lightbox_size='large'  data-animation='slide'  data-conditional_play=''  data-ids='5365'  data-video_counter='0'  data-autoplay='false'  data-bg_slider='false'  data-slide_height=''  data-handle='av_slideshow_full'  data-interval='5'  data-class=' '  data-el_id=''  data-css_id=''  data-scroll_down=''  data-control_layout='av-control-default'  data-custom_markup=''  data-perma_caption=''  data-autoplay_stopper=''  data-image_attachment=''  data-min_height='0px'  data-src=''  data-position='top left'  data-repeat='no-repeat'  data-attach='scroll'  data-stretch=''  data-default-height='28.666666666667'  class='avia-slideshow avia-slideshow-1  av-control-default av-default-height-applied avia-slideshow-featured av_slideshow_full   avia-slide-slider '  itemprop=\"image\" itemscope=\"itemscope\" itemtype=\"https:\/\/schema.org\/ImageObject\" ><ul class='avia-slideshow-inner ' style='padding-bottom: 28.666666666667%;' ><li  class=' av-single-slide slide-1 ' ><div data-rel='slideshow-1' class='avia-slide-wrap '   ><img src='https:\/\/www.swiss-retail.ch\/wp-content\/uploads\/2017\/04\/D4S_3503-1500x430.jpg' width='1500' height='430' title='Copryright - Oliver Oettli Photography GmbH' alt=''  itemprop=\"thumbnailUrl\"   \/><\/div><\/li><\/ul><\/div><\/div>\n<div id='av_section_1'  class='avia-section alternate_color avia-section-default avia-no-shadow  avia-bg-style-scroll  avia-builder-el-1  el_after_av_slideshow_full  avia-builder-el-last   container_wrap sidebar_left' style=' '  ><div class='container' ><div class='template-page content  av-content-small units'><div class='post-entry post-entry-type-page post-entry-4479'><div class='entry-content-wrapper clearfix'>\n<div  style='height:15px' class='hr hr-invisible   avia-builder-el-2  el_before_av_textblock  avia-builder-el-first '><span class='hr-inner ' ><span class='hr-inner-style'><\/span><\/span><\/div>\n<section class=\"av_textblock_section \"  itemscope=\"itemscope\" itemtype=\"https:\/\/schema.org\/CreativeWork\" ><div class='avia_textblock  '   itemprop=\"text\" ><h2 style=\"text-align: center;\">Services de notre l\u2019association<\/h2>\n<\/div><\/section>\n<div   class='hr hr-default   avia-builder-el-4  el_after_av_textblock  el_before_av_textblock '><span class='hr-inner ' ><span class='hr-inner-style'><\/span><\/span><\/div>\n<section class=\"av_textblock_section \"  itemscope=\"itemscope\" itemtype=\"https:\/\/schema.org\/CreativeWork\" ><div class='avia_textblock  '   itemprop=\"text\" ><p style=\"text-align: center;\">SWISS RETAIL FEDERATION soutient ses membres avec une large palette de services:<\/p>\n<\/div><\/section>\n<div  style='height:50px' class='hr hr-invisible   avia-builder-el-6  el_after_av_textblock  el_before_av_portfolio  avia-builder-el-last '><span class='hr-inner ' ><span class='hr-inner-style'><\/span><\/span><\/div>\n<div  id=\"av-sc-portfolio-1\"  class=\"av-portfolio-grid-sorting-container\"><div class='sort_width_container  av-sort-yes' data-portfolio-id='1' ><div id='js_sort_items' ><div class='sort_by_cat hidden '><a href=\"#\" data-filter=\"all_sort\" class=\"all_sort_button active_sort\"><span class=\"inner_sort_button\"><span>Tout<\/span><small class=\"av-cat-count\"> 8 <\/small><\/span><\/a><span class='text-sep services_sort_sep'>\/<\/span><a href=\"#\" data-filter=\"services_sort\" class=\"services_sort_button\" ><span class=\"inner_sort_button\"><span>Services<\/span><small class='av-cat-count'> 8 <\/small><\/span><\/a><\/div><\/div><\/div><div  class=' grid-sort-container isotope   no_margin-container with-excerpt-container grid-total-even grid-col-3 grid-links-' data-portfolio-id='1'><div data-ajax-id='4864' class=' grid-entry flex_column isotope-item all_sort no_margin post-entry post-entry-4864 grid-entry-overview grid-loop-1 grid-parity-odd  services_sort services-fr_sort  av_one_third first default_av_fullwidth '><article class='main_color inner-entry'  itemscope=\"itemscope\" itemtype=\"https:\/\/schema.org\/CreativeWork\" ><a href='https:\/\/www.swiss-retail.ch\/fr\/portfolio-item\/avs-et-caisse-de-compensation-srf-caf\/' title='AVS et Caisse de compensation CAF'  data-rel='grid-1' class='grid-image avia-hover-fx'><img width=\"495\" height=\"400\" src=\"https:\/\/www.swiss-retail.ch\/wp-content\/uploads\/2017\/02\/FamAHV2-495x400.png\" class=\"attachment-portfolio size-portfolio wp-post-image\" alt=\"\" loading=\"lazy\" srcset=\"https:\/\/www.swiss-retail.ch\/wp-content\/uploads\/2017\/02\/FamAHV2-495x400.png 495w, https:\/\/www.swiss-retail.ch\/wp-content\/uploads\/2017\/02\/FamAHV2-845x684.png 845w\" sizes=\"(max-width: 495px) 100vw, 495px\" \/><\/a><div class='grid-content'><div class='avia-arrow'><\/div><header class=\"entry-content-header\"><h3 class='grid-entry-title entry-title '  itemprop=\"headline\" ><a href='https:\/\/www.swiss-retail.ch\/fr\/portfolio-item\/avs-et-caisse-de-compensation-srf-caf\/' title='AVS et Caisse de compensation CAF'>AVS et Caisse de compensation CAF<\/a><\/h3><\/header><\/div><footer class=\"entry-footer\"><\/footer><\/article><\/div><div data-ajax-id='4871' class=' grid-entry flex_column isotope-item all_sort no_margin post-entry post-entry-4871 grid-entry-overview grid-loop-2 grid-parity-even  services_sort services-fr_sort  av_one_third  default_av_fullwidth '><article class='main_color inner-entry'  itemscope=\"itemscope\" itemtype=\"https:\/\/schema.org\/CreativeWork\" ><a href='https:\/\/www.swiss-retail.ch\/fr\/portfolio-item\/benchmarking\/' title='Benchmarking'  data-rel='grid-1' class='grid-image avia-hover-fx'><img width=\"495\" height=\"400\" src=\"https:\/\/www.swiss-retail.ch\/wp-content\/uploads\/2017\/02\/Benchmark2-495x400.png\" class=\"attachment-portfolio size-portfolio wp-post-image\" alt=\"\" loading=\"lazy\" srcset=\"https:\/\/www.swiss-retail.ch\/wp-content\/uploads\/2017\/02\/Benchmark2-495x400.png 495w, https:\/\/www.swiss-retail.ch\/wp-content\/uploads\/2017\/02\/Benchmark2-845x684.png 845w\" sizes=\"(max-width: 495px) 100vw, 495px\" \/><\/a><div class='grid-content'><div class='avia-arrow'><\/div><header class=\"entry-content-header\"><h3 class='grid-entry-title entry-title '  itemprop=\"headline\" ><a href='https:\/\/www.swiss-retail.ch\/fr\/portfolio-item\/benchmarking\/' title='Benchmarking'>Benchmarking<\/a><\/h3><\/header><\/div><footer class=\"entry-footer\"><\/footer><\/article><\/div><div data-ajax-id='7164' class=' grid-entry flex_column isotope-item all_sort no_margin post-entry post-entry-7164 grid-entry-overview grid-loop-3 grid-parity-odd  services_sort  av_one_third  default_av_fullwidth '><article class='main_color inner-entry'  itemscope=\"itemscope\" itemtype=\"https:\/\/schema.org\/CreativeWork\" ><a href='https:\/\/www.swiss-retail.ch\/fr\/portfolio-item\/conseil-en-droit-du-travail\/' title='Conseil en droit du travail'  data-rel='grid-1' class='grid-image avia-hover-fx'><img width=\"495\" height=\"400\" src=\"https:\/\/www.swiss-retail.ch\/wp-content\/uploads\/2019\/02\/Arbeitsrechtliche-Beratung2-495x400.png\" class=\"attachment-portfolio size-portfolio wp-post-image\" alt=\"\" loading=\"lazy\" srcset=\"https:\/\/www.swiss-retail.ch\/wp-content\/uploads\/2019\/02\/Arbeitsrechtliche-Beratung2-495x400.png 495w, https:\/\/www.swiss-retail.ch\/wp-content\/uploads\/2019\/02\/Arbeitsrechtliche-Beratung2-845x684.png 845w\" sizes=\"(max-width: 495px) 100vw, 495px\" \/><\/a><div class='grid-content'><div class='avia-arrow'><\/div><header class=\"entry-content-header\"><h3 class='grid-entry-title entry-title '  itemprop=\"headline\" ><a href='https:\/\/www.swiss-retail.ch\/fr\/portfolio-item\/conseil-en-droit-du-travail\/' title='Conseil en droit du travail'>Conseil en droit du travail<\/a><\/h3><\/header><\/div><footer class=\"entry-footer\"><\/footer><\/article><\/div><div data-ajax-id='4868' class=' grid-entry flex_column isotope-item all_sort no_margin post-entry post-entry-4868 grid-entry-overview grid-loop-4 grid-parity-even  services_sort services-fr_sort  av_one_third first default_av_fullwidth '><article class='main_color inner-entry'  itemscope=\"itemscope\" itemtype=\"https:\/\/schema.org\/CreativeWork\" ><a href='https:\/\/www.swiss-retail.ch\/fr\/portfolio-item\/contrat-cadre-pour-lacceptation-des-cartes-de-credit-et-de-debit\/' title='Contrat-cadre pour l\u2019acceptation des cartes de cr\u00e9dit et de d\u00e9bit'  data-rel='grid-1' class='grid-image avia-hover-fx'><img width=\"495\" height=\"400\" src=\"https:\/\/www.swiss-retail.ch\/wp-content\/uploads\/2017\/02\/Karten2-495x400.png\" class=\"attachment-portfolio size-portfolio wp-post-image\" alt=\"\" loading=\"lazy\" srcset=\"https:\/\/www.swiss-retail.ch\/wp-content\/uploads\/2017\/02\/Karten2-495x400.png 495w, https:\/\/www.swiss-retail.ch\/wp-content\/uploads\/2017\/02\/Karten2-845x684.png 845w\" sizes=\"(max-width: 495px) 100vw, 495px\" \/><\/a><div class='grid-content'><div class='avia-arrow'><\/div><header class=\"entry-content-header\"><h3 class='grid-entry-title entry-title '  itemprop=\"headline\" ><a href='https:\/\/www.swiss-retail.ch\/fr\/portfolio-item\/contrat-cadre-pour-lacceptation-des-cartes-de-credit-et-de-debit\/' title='Contrat-cadre pour l\u2019acceptation des cartes de cr\u00e9dit et de d\u00e9bit'>Contrat-cadre pour l\u2019acceptation des cartes de cr\u00e9dit et de d\u00e9bit<\/a><\/h3><\/header><\/div><footer class=\"entry-footer\"><\/footer><\/article><\/div><div data-ajax-id='12540' class=' grid-entry flex_column isotope-item all_sort no_margin post-entry post-entry-12540 grid-entry-overview grid-loop-5 grid-parity-odd  services_sort  av_one_third  default_av_fullwidth '><article class='main_color inner-entry'  itemscope=\"itemscope\" itemtype=\"https:\/\/schema.org\/CreativeWork\" ><a href='https:\/\/www.swiss-retail.ch\/fr\/devenir-membre\/' title='Devenir membre'  data-rel='grid-1' class='grid-image avia-hover-fx'><img width=\"495\" height=\"400\" src=\"https:\/\/www.swiss-retail.ch\/wp-content\/uploads\/2021\/10\/devenir-membre-2-495x400.png\" class=\"attachment-portfolio size-portfolio wp-post-image\" alt=\"\" loading=\"lazy\" \/><\/a><div class='grid-content'><div class='avia-arrow'><\/div><header class=\"entry-content-header\"><h3 class='grid-entry-title entry-title '  itemprop=\"headline\" >Devenir membre<\/h3><\/header><\/div><footer class=\"entry-footer\"><\/footer><\/article><\/div><div data-ajax-id='4891' class=' grid-entry flex_column isotope-item all_sort no_margin post-entry post-entry-4891 grid-entry-overview grid-loop-6 grid-parity-even  services_sort services-fr_sort  av_one_third  default_av_fullwidth '><article class='main_color inner-entry'  itemscope=\"itemscope\" itemtype=\"https:\/\/schema.org\/CreativeWork\" ><a href='https:\/\/www.swiss-retail.ch\/fr\/portfolio-item\/faits-et-chiffres-du-commerce-de-detail\/' title='Faits et chiffres du commerce de d\u00e9tail'  data-rel='grid-1' class='grid-image avia-hover-fx'><img width=\"495\" height=\"400\" src=\"https:\/\/www.swiss-retail.ch\/wp-content\/uploads\/2017\/05\/Zahlen-und-Fakten2-495x400.png\" class=\"attachment-portfolio size-portfolio wp-post-image\" alt=\"\" loading=\"lazy\" srcset=\"https:\/\/www.swiss-retail.ch\/wp-content\/uploads\/2017\/05\/Zahlen-und-Fakten2-495x400.png 495w, https:\/\/www.swiss-retail.ch\/wp-content\/uploads\/2017\/05\/Zahlen-und-Fakten2-845x684.png 845w\" sizes=\"(max-width: 495px) 100vw, 495px\" \/><\/a><div class='grid-content'><div class='avia-arrow'><\/div><header class=\"entry-content-header\"><h3 class='grid-entry-title entry-title '  itemprop=\"headline\" ><a href='https:\/\/www.swiss-retail.ch\/fr\/portfolio-item\/faits-et-chiffres-du-commerce-de-detail\/' title='Faits et chiffres du commerce de d\u00e9tail'>Faits et chiffres du commerce de d\u00e9tail<\/a><\/h3><\/header><\/div><footer class=\"entry-footer\"><\/footer><\/article><\/div><div data-ajax-id='4849' class=' grid-entry flex_column isotope-item all_sort no_margin post-entry post-entry-4849 grid-entry-overview grid-loop-7 grid-parity-odd  services_sort services-fr_sort  av_one_third first default_av_fullwidth '><article class='main_color inner-entry'  itemscope=\"itemscope\" itemtype=\"https:\/\/schema.org\/CreativeWork\" ><a href='https:\/\/www.swiss-retail.ch\/fr\/portfolio-item\/groupes-de-travail\/' title='Groupes de travail'  data-rel='grid-1' class='grid-image avia-hover-fx'><img width=\"495\" height=\"400\" src=\"https:\/\/www.swiss-retail.ch\/wp-content\/uploads\/2017\/02\/Netzwerkgruppen2-495x400.png\" class=\"attachment-portfolio size-portfolio wp-post-image\" alt=\"\" loading=\"lazy\" srcset=\"https:\/\/www.swiss-retail.ch\/wp-content\/uploads\/2017\/02\/Netzwerkgruppen2-495x400.png 495w, https:\/\/www.swiss-retail.ch\/wp-content\/uploads\/2017\/02\/Netzwerkgruppen2-845x684.png 845w\" sizes=\"(max-width: 495px) 100vw, 495px\" \/><\/a><div class='grid-content'><div class='avia-arrow'><\/div><header class=\"entry-content-header\"><h3 class='grid-entry-title entry-title '  itemprop=\"headline\" ><a href='https:\/\/www.swiss-retail.ch\/fr\/portfolio-item\/groupes-de-travail\/' title='Groupes de travail'>Groupes de travail<\/a><\/h3><\/header><\/div><footer class=\"entry-footer\"><\/footer><\/article><\/div><div data-ajax-id='4861' class=' grid-entry flex_column isotope-item all_sort no_margin post-entry post-entry-4861 grid-entry-overview grid-loop-8 grid-parity-even  post-entry-last  services_sort services-fr_sort  av_one_third  default_av_fullwidth '><article class='main_color inner-entry'  itemscope=\"itemscope\" itemtype=\"https:\/\/schema.org\/CreativeWork\" ><a href='https:\/\/www.swiss-retail.ch\/fr\/portfolio-item\/plateforme-securite-du-travail\/' title='S\u00e9curit\u00e9 du travail et protection de la sant\u00e9'  data-rel='grid-1' class='grid-image avia-hover-fx'><img width=\"495\" height=\"400\" src=\"https:\/\/www.swiss-retail.ch\/wp-content\/uploads\/2017\/02\/Sicherheit2-495x400.png\" class=\"attachment-portfolio size-portfolio wp-post-image\" alt=\"\" loading=\"lazy\" srcset=\"https:\/\/www.swiss-retail.ch\/wp-content\/uploads\/2017\/02\/Sicherheit2-495x400.png 495w, https:\/\/www.swiss-retail.ch\/wp-content\/uploads\/2017\/02\/Sicherheit2-845x684.png 845w\" sizes=\"(max-width: 495px) 100vw, 495px\" \/><\/a><div class='grid-content'><div class='avia-arrow'><\/div><header class=\"entry-content-header\"><h3 class='grid-entry-title entry-title '  itemprop=\"headline\" ><a href='https:\/\/www.swiss-retail.ch\/fr\/portfolio-item\/plateforme-securite-du-travail\/' title='S\u00e9curit\u00e9 du travail et protection de la sant\u00e9'>S\u00e9curit\u00e9 du travail et protection de la sant\u00e9<\/a><\/h3><\/header><\/div><footer class=\"entry-footer\"><\/footer><\/article><\/div><\/div><\/div>   <!--   class=\"av-portfolio-grid-sorting-container\"  -->\n<div  style='height:50px' class='hr hr-invisible   avia-builder-el-8  el_after_av_portfolio  avia-builder-el-no-sibling '><span class='hr-inner ' ><span class='hr-inner-style'><\/span><\/span><\/div>\n<\/div><\/div><\/div><!-- close content main div --><\/div><\/div><div id='after_section_1'  class='main_color av_default_container_wrap container_wrap sidebar_left' style=' '  ><div class='container' ><div class='template-page content  av-content-small units'><div class='post-entry post-entry-type-page post-entry-4479'><div class='entry-content-wrapper clearfix'>\n","protected":false},"excerpt":{"rendered":"","protected":false},"author":19,"featured_media":0,"parent":0,"menu_order":0,"comment_status":"closed","ping_status":"closed","template":"","meta":[],"yoast_head":"<!-- This site is optimized with the Yoast SEO plugin v18.5.1 - https:\/\/yoast.com\/wordpress\/plugins\/seo\/ -->\n<title>Services de notre l\u2019association -<\/title>\n<meta name=\"robots\" content=\"index, follow, max-snippet:-1, max-image-preview:large, max-video-preview:-1\" \/>\n<link rel=\"canonical\" href=\"https:\/\/www.swiss-retail.ch\/fr\/verbands-services\/\" \/>\n<meta property=\"og:locale\" content=\"fr_FR\" \/>\n<meta property=\"og:type\" content=\"article\" \/>\n<meta property=\"og:title\" content=\"Services de notre l\u2019association -\" \/>\n<meta property=\"og:url\" content=\"https:\/\/www.swiss-retail.ch\/fr\/verbands-services\/\" \/>\n<meta property=\"article:modified_time\" content=\"2024-08-20T10:44:23+00:00\" \/>\n<meta name=\"twitter:card\" content=\"summary_large_image\" \/>\n<meta name=\"twitter:label1\" content=\"Dur\u00e9e de lecture estim\u00e9e\" \/>\n\t<meta name=\"twitter:data1\" content=\"3 minutes\" \/>\n<script type=\"application\/ld+json\" class=\"yoast-schema-graph\">{\"@context\":\"https:\/\/schema.org\",\"@graph\":[{\"@type\":\"WebSite\",\"@id\":\"https:\/\/www.swiss-retail.ch\/#website\",\"url\":\"https:\/\/www.swiss-retail.ch\/\",\"name\":\"\",\"description\":\"Verband der Mittel- und Grossbetriebe des schweizerischen Detailhandels\",\"potentialAction\":[{\"@type\":\"SearchAction\",\"target\":{\"@type\":\"EntryPoint\",\"urlTemplate\":\"https:\/\/www.swiss-retail.ch\/?s={search_term_string}\"},\"query-input\":\"required name=search_term_string\"}],\"inLanguage\":\"fr-FR\"},{\"@type\":\"WebPage\",\"@id\":\"https:\/\/www.swiss-retail.ch\/fr\/verbands-services\/#webpage\",\"url\":\"https:\/\/www.swiss-retail.ch\/fr\/verbands-services\/\",\"name\":\"Services de notre l\u2019association -\",\"isPartOf\":{\"@id\":\"https:\/\/www.swiss-retail.ch\/#website\"},\"datePublished\":\"2017-02-02T10:21:42+00:00\",\"dateModified\":\"2024-08-20T10:44:23+00:00\",\"breadcrumb\":{\"@id\":\"https:\/\/www.swiss-retail.ch\/fr\/verbands-services\/#breadcrumb\"},\"inLanguage\":\"fr-FR\",\"potentialAction\":[{\"@type\":\"ReadAction\",\"target\":[\"https:\/\/www.swiss-retail.ch\/fr\/verbands-services\/\"]}]},{\"@type\":\"BreadcrumbList\",\"@id\":\"https:\/\/www.swiss-retail.ch\/fr\/verbands-services\/#breadcrumb\",\"itemListElement\":[{\"@type\":\"ListItem\",\"position\":1,\"name\":\"Startseite\",\"item\":\"https:\/\/www.swiss-retail.ch\/fr\/homepage\/\"},{\"@type\":\"ListItem\",\"position\":2,\"name\":\"Services de notre l\u2019association\"}]}]}<\/script>\n<!-- \/ Yoast SEO plugin. -->","yoast_head_json":{"title":"Services de notre l\u2019association -","robots":{"index":"index","follow":"follow","max-snippet":"max-snippet:-1","max-image-preview":"max-image-preview:large","max-video-preview":"max-video-preview:-1"},"canonical":"https:\/\/www.swiss-retail.ch\/fr\/verbands-services\/","og_locale":"fr_FR","og_type":"article","og_title":"Services de notre l\u2019association -","og_url":"https:\/\/www.swiss-retail.ch\/fr\/verbands-services\/","article_modified_time":"2024-08-20T10:44:23+00:00","twitter_card":"summary_large_image","twitter_misc":{"Dur\u00e9e de lecture estim\u00e9e":"3 minutes"},"schema":{"@context":"https:\/\/schema.org","@graph":[{"@type":"WebSite","@id":"https:\/\/www.swiss-retail.ch\/#website","url":"https:\/\/www.swiss-retail.ch\/","name":"","description":"Verband der Mittel- und Grossbetriebe des schweizerischen Detailhandels","potentialAction":[{"@type":"SearchAction","target":{"@type":"EntryPoint","urlTemplate":"https:\/\/www.swiss-retail.ch\/?s={search_term_string}"},"query-input":"required name=search_term_string"}],"inLanguage":"fr-FR"},{"@type":"WebPage","@id":"https:\/\/www.swiss-retail.ch\/fr\/verbands-services\/#webpage","url":"https:\/\/www.swiss-retail.ch\/fr\/verbands-services\/","name":"Services de notre l\u2019association -","isPartOf":{"@id":"https:\/\/www.swiss-retail.ch\/#website"},"datePublished":"2017-02-02T10:21:42+00:00","dateModified":"2024-08-20T10:44:23+00:00","breadcrumb":{"@id":"https:\/\/www.swiss-retail.ch\/fr\/verbands-services\/#breadcrumb"},"inLanguage":"fr-FR","potentialAction":[{"@type":"ReadAction","target":["https:\/\/www.swiss-retail.ch\/fr\/verbands-services\/"]}]},{"@type":"BreadcrumbList","@id":"https:\/\/www.swiss-retail.ch\/fr\/verbands-services\/#breadcrumb","itemListElement":[{"@type":"ListItem","position":1,"name":"Startseite","item":"https:\/\/www.swiss-retail.ch\/fr\/homepage\/"},{"@type":"ListItem","position":2,"name":"Services de notre l\u2019association"}]}]}},"_links":{"self":[{"href":"https:\/\/www.swiss-retail.ch\/fr\/wp-json\/wp\/v2\/pages\/4479"}],"collection":[{"href":"https:\/\/www.swiss-retail.ch\/fr\/wp-json\/wp\/v2\/pages"}],"about":[{"href":"https:\/\/www.swiss-retail.ch\/fr\/wp-json\/wp\/v2\/types\/page"}],"author":[{"embeddable":true,"href":"https:\/\/www.swiss-retail.ch\/fr\/wp-json\/wp\/v2\/users\/19"}],"replies":[{"embeddable":true,"href":"https:\/\/www.swiss-retail.ch\/fr\/wp-json\/wp\/v2\/comments?post=4479"}],"version-history":[{"count":10,"href":"https:\/\/www.swiss-retail.ch\/fr\/wp-json\/wp\/v2\/pages\/4479\/revisions"}],"predecessor-version":[{"id":16927,"href":"https:\/\/www.swiss-retail.ch\/fr\/wp-json\/wp\/v2\/pages\/4479\/revisions\/16927"}],"wp:attachment":[{"href":"https:\/\/www.swiss-retail.ch\/fr\/wp-json\/wp\/v2\/media?parent=4479"}],"curies":[{"name":"wp","href":"https:\/\/api.w.org\/{rel}","templated":true}]}}