{"id":4523,"date":"2017-02-22T11:17:40","date_gmt":"2017-02-22T10:17:40","guid":{"rendered":"http:\/\/www.swiss-retail.ch\/?page_id=4523\/"},"modified":"2026-04-16T15:08:24","modified_gmt":"2026-04-16T13:08:24","slug":"ueber-uns","status":"publish","type":"page","link":"https:\/\/www.swiss-retail.ch\/fr\/ueber-uns\/","title":{"rendered":"A propos de nous"},"content":{"rendered":"<div id='full_slider_1'  class='avia-fullwidth-slider main_color avia-shadow   avia-builder-el-0  el_before_av_section  avia-builder-el-first   container_wrap sidebar_left' style=' '  ><div   data-size='featured'  data-lightbox_size='large'  data-animation='slide'  data-conditional_play=''  data-ids='8918'  data-video_counter='0'  data-autoplay='false'  data-bg_slider='false'  data-slide_height=''  data-handle='av_slideshow_full'  data-interval='5'  data-class=' '  data-el_id=''  data-css_id=''  data-scroll_down=''  data-control_layout='av-control-default'  data-custom_markup=''  data-perma_caption=''  data-autoplay_stopper=''  data-image_attachment=''  data-min_height='0px'  data-src=''  data-position='top left'  data-repeat='no-repeat'  data-attach='scroll'  data-stretch=''  data-default-height='28.666666666667'  class='avia-slideshow avia-slideshow-1  av-control-default av-default-height-applied avia-slideshow-featured av_slideshow_full   avia-slide-slider '  itemprop=\"image\" itemscope=\"itemscope\" itemtype=\"https:\/\/schema.org\/ImageObject\" ><ul class='avia-slideshow-inner ' style='padding-bottom: 28.666666666667%;' ><li  class=' av-single-slide slide-1 ' ><div data-rel='slideshow-1' class='avia-slide-wrap '   ><img src='https:\/\/www.swiss-retail.ch\/wp-content\/uploads\/2020\/04\/shutterstock_357891440-Kopie-1500x430.jpg' width='1500' height='430' title='shutterstock_357891440 - Kopie' alt=''  itemprop=\"thumbnailUrl\"   \/><\/div><\/li><\/ul><\/div><\/div>\n<div id='av_section_1'  class='avia-section alternate_color avia-section-default avia-no-shadow  avia-bg-style-scroll  avia-builder-el-1  el_after_av_slideshow_full  el_before_av_one_third   container_wrap sidebar_left' style=' '  ><div class='container' ><div class='template-page content  av-content-small units'><div class='post-entry post-entry-type-page post-entry-4523'><div class='entry-content-wrapper clearfix'>\n<section class=\"av_textblock_section \"  itemscope=\"itemscope\" itemtype=\"https:\/\/schema.org\/CreativeWork\" ><div class='avia_textblock  '   itemprop=\"text\" ><p>SWISS RETAIL FEDERATION est l&rsquo;association des entreprises de commerce de d\u00e9tail (stationnaires et en ligne) en Suisse.<\/p>\n<p>Parmi nos membres figurent des grands magasins, des march\u00e9s sp\u00e9cialis\u00e9s et des magasins sp\u00e9cialis\u00e9s, des hypermarch\u00e9s et des march\u00e9s \u00e0 l&#8217;emporter, des d\u00e9taillants ind\u00e9pendants, des commer\u00e7ants sp\u00e9cialis\u00e9s dans l&rsquo;alimentation et des kiosques. SWISS RETAIL FEDERATION repr\u00e9sente le commerce de d\u00e9tail suisse, \u00e0 l&rsquo;exclusion des grands distributeurs. Elle regroupe 2\u2019300 entreprises de commerce de d\u00e9tail r\u00e9parties sur 6\u2019800 sites en Suisse. Ses membres r\u00e9alisent un chiffre d&rsquo;affaires de 26 milliards de francs et emploient pr\u00e8s de 62&rsquo;000 personnes.<\/p>\n<p>L&rsquo;organisation a \u00e9t\u00e9 fond\u00e9e en 1939 en tant qu&rsquo;association des grands magasins suisses.<\/p>\n<\/div><\/section>\n<section class=\"av_textblock_section \"  itemscope=\"itemscope\" itemtype=\"https:\/\/schema.org\/CreativeWork\" ><div class='avia_textblock  '   itemprop=\"text\" ><p><img loading=\"lazy\" class=\"alignleft wp-image-18913\" src=\"https:\/\/www.swiss-retail.ch\/wp-content\/uploads\/2025\/08\/Screenshot-2025-08-21-frz.-3.png\" alt=\"\" width=\"554\" height=\"302\" srcset=\"https:\/\/www.swiss-retail.ch\/wp-content\/uploads\/2025\/08\/Screenshot-2025-08-21-frz.-3.png 1176w, https:\/\/www.swiss-retail.ch\/wp-content\/uploads\/2025\/08\/Screenshot-2025-08-21-frz.-3-300x164.png 300w, https:\/\/www.swiss-retail.ch\/wp-content\/uploads\/2025\/08\/Screenshot-2025-08-21-frz.-3-1030x561.png 1030w, https:\/\/www.swiss-retail.ch\/wp-content\/uploads\/2025\/08\/Screenshot-2025-08-21-frz.-3-768x419.png 768w, https:\/\/www.swiss-retail.ch\/wp-content\/uploads\/2025\/08\/Screenshot-2025-08-21-frz.-3-705x384.png 705w, https:\/\/www.swiss-retail.ch\/wp-content\/uploads\/2025\/08\/Screenshot-2025-08-21-frz.-3-500x273.png 500w, https:\/\/www.swiss-retail.ch\/wp-content\/uploads\/2025\/08\/Screenshot-2025-08-21-frz.-3-750x409.png 750w\" sizes=\"(max-width: 554px) 100vw, 554px\" \/><\/p>\n<\/div><\/section>\n<section class=\"av_textblock_section \"  itemscope=\"itemscope\" itemtype=\"https:\/\/schema.org\/CreativeWork\" ><div class='avia_textblock  '   itemprop=\"text\" ><p>A l\u2019\u00e9gard du monde <a href=\"http:\/\/www.swiss-retail.ch\/fr\/politische-themen\/\">politique<\/a> et du public, Swiss Retail d\u00e9fend les int\u00e9r\u00eats des entreprises du commerce de d\u00e9tail suisse \u00e0 l&rsquo;\u00e9chelle nationale. L\u2019association s\u2019engage pour un cadre d\u2019activit\u00e9 lib\u00e9ral et des normes de haut niveau au sein de la branche, et ce dans l&rsquo;int\u00e9r\u00eat du client. Aussi, elle fournit de nombreux <a href=\"http:\/\/www.swiss-retail.ch\/fr\/dienstleistungen\/\">services attractifs<\/a>\u00a0\u00e0 ses membres.<\/p>\n<\/div><\/section>\n<\/div><\/div><\/div><!-- close content main div --><\/div><\/div><div id='after_section_1'  class='main_color av_default_container_wrap container_wrap sidebar_left' style=' '  ><div class='container' ><div class='template-page content  av-content-small units'><div class='post-entry post-entry-type-page post-entry-4523'><div class='entry-content-wrapper clearfix'><div class=\"flex_column av_one_third  flex_column_div av-zero-column-padding first  avia-builder-el-5  el_after_av_section  el_before_av_one_third  avia-builder-el-first  \" style='border-radius:0px; '><article  class=\"iconbox iconbox_top main_color    avia-builder-el-6  avia-builder-el-no-sibling  \"  itemscope=\"itemscope\" itemtype=\"https:\/\/schema.org\/CreativeWork\" ><div class=\"iconbox_content\"><header class=\"entry-content-header\"><a href='https:\/\/www.swiss-retail.ch\/fr\/vorstand\/' title='Comit\u00e9'  class=\"iconbox_icon heading-color \" aria-hidden='true' data-av_icon='\ue80b' data-av_iconfont='entypo-fontello'  ><\/a><h3 class='iconbox_content_title  '  itemprop=\"headline\"  ><a href='https:\/\/www.swiss-retail.ch\/fr\/vorstand\/' title='Comit\u00e9' >Comit\u00e9<\/a><\/h3><\/header><div class='iconbox_content_container  '  itemprop=\"text\"  ><\/div><\/div><footer class=\"entry-footer\"><\/footer><\/article><\/div><\/p>\n<div class=\"flex_column av_one_third  flex_column_div av-zero-column-padding   avia-builder-el-7  el_after_av_one_third  el_before_av_one_third  \" style='border-radius:0px; '><article  class=\"iconbox iconbox_top main_color    avia-builder-el-8  avia-builder-el-no-sibling  \"  itemscope=\"itemscope\" itemtype=\"https:\/\/schema.org\/CreativeWork\" ><div class=\"iconbox_content\"><header class=\"entry-content-header\"><a href='https:\/\/www.swiss-retail.ch\/fr\/secretariat\/' title='Secr\u00e9tariat'  class=\"iconbox_icon heading-color \" aria-hidden='true' data-av_icon='\ue80b' data-av_iconfont='entypo-fontello'  ><\/a><h3 class='iconbox_content_title  '  itemprop=\"headline\"  ><a href='https:\/\/www.swiss-retail.ch\/fr\/secretariat\/' title='Secr\u00e9tariat' >Secr\u00e9tariat<\/a><\/h3><\/header><div class='iconbox_content_container  '  itemprop=\"text\"  ><\/div><\/div><footer class=\"entry-footer\"><\/footer><\/article><\/div>\n<div class=\"flex_column av_one_third  flex_column_div av-zero-column-padding   avia-builder-el-9  el_after_av_one_third  el_before_av_one_third  \" style='border-radius:0px; '><article  class=\"iconbox iconbox_top main_color    avia-builder-el-10  avia-builder-el-no-sibling  \"  itemscope=\"itemscope\" itemtype=\"https:\/\/schema.org\/CreativeWork\" ><div class=\"iconbox_content\"><header class=\"entry-content-header\"><a href='https:\/\/www.swiss-retail.ch\/fr\/devenir-membre\/membres\/' title='Membres'  class=\"iconbox_icon heading-color \" aria-hidden='true' data-av_icon='\ue80b' data-av_iconfont='entypo-fontello'  ><\/a><h3 class='iconbox_content_title  '  itemprop=\"headline\"  ><a href='https:\/\/www.swiss-retail.ch\/fr\/devenir-membre\/membres\/' title='Membres' >Membres<\/a><\/h3><\/header><div class='iconbox_content_container  '  itemprop=\"text\"  ><\/div><\/div><footer class=\"entry-footer\"><\/footer><\/article><\/div>\n<div class=\"flex_column av_one_third  flex_column_div av-zero-column-padding first  avia-builder-el-11  el_after_av_one_third  el_before_av_one_third  column-top-margin\" style='border-radius:0px; '><article  class=\"iconbox iconbox_top main_color    avia-builder-el-12  avia-builder-el-no-sibling  \"  itemscope=\"itemscope\" itemtype=\"https:\/\/schema.org\/CreativeWork\" ><div class=\"iconbox_content\"><header class=\"entry-content-header\"><a href='https:\/\/www.swiss-retail.ch\/fr\/charte\/' title='Charte'  class=\"iconbox_icon heading-color \" aria-hidden='true' data-av_icon='\ue811' data-av_iconfont='entypo-fontello'  ><\/a><h3 class='iconbox_content_title  '  itemprop=\"headline\"  ><a href='https:\/\/www.swiss-retail.ch\/fr\/charte\/' title='Charte' >Charte<\/a><\/h3><\/header><div class='iconbox_content_container  '  itemprop=\"text\"  ><\/div><\/div><footer class=\"entry-footer\"><\/footer><\/article><\/div>\n<div class=\"flex_column av_one_third  flex_column_div av-zero-column-padding   avia-builder-el-13  el_after_av_one_third  avia-builder-el-last  column-top-margin\" style='border-radius:0px; '><article  class=\"iconbox iconbox_top main_color    avia-builder-el-14  avia-builder-el-no-sibling  \"  itemscope=\"itemscope\" itemtype=\"https:\/\/schema.org\/CreativeWork\" ><div class=\"iconbox_content\"><header class=\"entry-content-header\"><a href='https:\/\/www.swiss-retail.ch\/fr\/ueber-uns\/importance-du-commerce-de-detail\/' title='Importance du commerce de d\u00e9tail'  class=\"iconbox_icon heading-color \" aria-hidden='true' data-av_icon='\ue811' data-av_iconfont='entypo-fontello'  ><\/a><h3 class='iconbox_content_title  '  itemprop=\"headline\"  ><a href='https:\/\/www.swiss-retail.ch\/fr\/ueber-uns\/importance-du-commerce-de-detail\/' title='Importance du commerce de d\u00e9tail' >Importance du commerce de d\u00e9tail<\/a><\/h3><\/header><div class='iconbox_content_container  '  itemprop=\"text\"  ><\/div><\/div><footer class=\"entry-footer\"><\/footer><\/article><\/div>\n","protected":false},"excerpt":{"rendered":"","protected":false},"author":5,"featured_media":0,"parent":0,"menu_order":0,"comment_status":"open","ping_status":"closed","template":"","meta":[],"yoast_head":"<!-- This site is optimized with the Yoast SEO plugin v18.5.1 - https:\/\/yoast.com\/wordpress\/plugins\/seo\/ -->\n<title>A propos de nous -<\/title>\n<meta name=\"robots\" content=\"index, follow, max-snippet:-1, max-image-preview:large, max-video-preview:-1\" \/>\n<link rel=\"canonical\" href=\"https:\/\/www.swiss-retail.ch\/fr\/ueber-uns\/\" \/>\n<meta property=\"og:locale\" content=\"fr_FR\" \/>\n<meta property=\"og:type\" content=\"article\" \/>\n<meta property=\"og:title\" content=\"A propos de nous -\" \/>\n<meta property=\"og:url\" content=\"https:\/\/www.swiss-retail.ch\/fr\/ueber-uns\/\" \/>\n<meta property=\"article:modified_time\" content=\"2026-04-16T13:08:24+00:00\" \/>\n<meta property=\"og:image\" content=\"https:\/\/www.swiss-retail.ch\/wp-content\/uploads\/2025\/08\/Screenshot-2025-08-21-frz.-3.png\" \/>\n<meta name=\"twitter:card\" content=\"summary_large_image\" \/>\n<meta name=\"twitter:label1\" content=\"Dur\u00e9e de lecture estim\u00e9e\" \/>\n\t<meta name=\"twitter:data1\" content=\"5 minutes\" \/>\n<script type=\"application\/ld+json\" class=\"yoast-schema-graph\">{\"@context\":\"https:\/\/schema.org\",\"@graph\":[{\"@type\":\"WebSite\",\"@id\":\"https:\/\/www.swiss-retail.ch\/#website\",\"url\":\"https:\/\/www.swiss-retail.ch\/\",\"name\":\"\",\"description\":\"Verband der Mittel- und Grossbetriebe des schweizerischen Detailhandels\",\"potentialAction\":[{\"@type\":\"SearchAction\",\"target\":{\"@type\":\"EntryPoint\",\"urlTemplate\":\"https:\/\/www.swiss-retail.ch\/?s={search_term_string}\"},\"query-input\":\"required name=search_term_string\"}],\"inLanguage\":\"fr-FR\"},{\"@type\":\"ImageObject\",\"@id\":\"https:\/\/www.swiss-retail.ch\/fr\/ueber-uns\/#primaryimage\",\"inLanguage\":\"fr-FR\",\"url\":\"https:\/\/www.swiss-retail.ch\/wp-content\/uploads\/2025\/08\/Screenshot-2025-08-21-frz.-3.png\",\"contentUrl\":\"https:\/\/www.swiss-retail.ch\/wp-content\/uploads\/2025\/08\/Screenshot-2025-08-21-frz.-3.png\",\"width\":1176,\"height\":641},{\"@type\":\"WebPage\",\"@id\":\"https:\/\/www.swiss-retail.ch\/fr\/ueber-uns\/#webpage\",\"url\":\"https:\/\/www.swiss-retail.ch\/fr\/ueber-uns\/\",\"name\":\"A propos de nous -\",\"isPartOf\":{\"@id\":\"https:\/\/www.swiss-retail.ch\/#website\"},\"primaryImageOfPage\":{\"@id\":\"https:\/\/www.swiss-retail.ch\/fr\/ueber-uns\/#primaryimage\"},\"datePublished\":\"2017-02-22T10:17:40+00:00\",\"dateModified\":\"2026-04-16T13:08:24+00:00\",\"breadcrumb\":{\"@id\":\"https:\/\/www.swiss-retail.ch\/fr\/ueber-uns\/#breadcrumb\"},\"inLanguage\":\"fr-FR\",\"potentialAction\":[{\"@type\":\"ReadAction\",\"target\":[\"https:\/\/www.swiss-retail.ch\/fr\/ueber-uns\/\"]}]},{\"@type\":\"BreadcrumbList\",\"@id\":\"https:\/\/www.swiss-retail.ch\/fr\/ueber-uns\/#breadcrumb\",\"itemListElement\":[{\"@type\":\"ListItem\",\"position\":1,\"name\":\"Startseite\",\"item\":\"https:\/\/www.swiss-retail.ch\/fr\/homepage\/\"},{\"@type\":\"ListItem\",\"position\":2,\"name\":\"A propos de nous\"}]}]}<\/script>\n<!-- \/ Yoast SEO plugin. -->","yoast_head_json":{"title":"A propos de nous -","robots":{"index":"index","follow":"follow","max-snippet":"max-snippet:-1","max-image-preview":"max-image-preview:large","max-video-preview":"max-video-preview:-1"},"canonical":"https:\/\/www.swiss-retail.ch\/fr\/ueber-uns\/","og_locale":"fr_FR","og_type":"article","og_title":"A propos de nous -","og_url":"https:\/\/www.swiss-retail.ch\/fr\/ueber-uns\/","article_modified_time":"2026-04-16T13:08:24+00:00","og_image":[{"url":"https:\/\/www.swiss-retail.ch\/wp-content\/uploads\/2025\/08\/Screenshot-2025-08-21-frz.-3.png"}],"twitter_card":"summary_large_image","twitter_misc":{"Dur\u00e9e de lecture estim\u00e9e":"5 minutes"},"schema":{"@context":"https:\/\/schema.org","@graph":[{"@type":"WebSite","@id":"https:\/\/www.swiss-retail.ch\/#website","url":"https:\/\/www.swiss-retail.ch\/","name":"","description":"Verband der Mittel- und Grossbetriebe des schweizerischen Detailhandels","potentialAction":[{"@type":"SearchAction","target":{"@type":"EntryPoint","urlTemplate":"https:\/\/www.swiss-retail.ch\/?s={search_term_string}"},"query-input":"required name=search_term_string"}],"inLanguage":"fr-FR"},{"@type":"ImageObject","@id":"https:\/\/www.swiss-retail.ch\/fr\/ueber-uns\/#primaryimage","inLanguage":"fr-FR","url":"https:\/\/www.swiss-retail.ch\/wp-content\/uploads\/2025\/08\/Screenshot-2025-08-21-frz.-3.png","contentUrl":"https:\/\/www.swiss-retail.ch\/wp-content\/uploads\/2025\/08\/Screenshot-2025-08-21-frz.-3.png","width":1176,"height":641},{"@type":"WebPage","@id":"https:\/\/www.swiss-retail.ch\/fr\/ueber-uns\/#webpage","url":"https:\/\/www.swiss-retail.ch\/fr\/ueber-uns\/","name":"A propos de nous -","isPartOf":{"@id":"https:\/\/www.swiss-retail.ch\/#website"},"primaryImageOfPage":{"@id":"https:\/\/www.swiss-retail.ch\/fr\/ueber-uns\/#primaryimage"},"datePublished":"2017-02-22T10:17:40+00:00","dateModified":"2026-04-16T13:08:24+00:00","breadcrumb":{"@id":"https:\/\/www.swiss-retail.ch\/fr\/ueber-uns\/#breadcrumb"},"inLanguage":"fr-FR","potentialAction":[{"@type":"ReadAction","target":["https:\/\/www.swiss-retail.ch\/fr\/ueber-uns\/"]}]},{"@type":"BreadcrumbList","@id":"https:\/\/www.swiss-retail.ch\/fr\/ueber-uns\/#breadcrumb","itemListElement":[{"@type":"ListItem","position":1,"name":"Startseite","item":"https:\/\/www.swiss-retail.ch\/fr\/homepage\/"},{"@type":"ListItem","position":2,"name":"A propos de nous"}]}]}},"_links":{"self":[{"href":"https:\/\/www.swiss-retail.ch\/fr\/wp-json\/wp\/v2\/pages\/4523"}],"collection":[{"href":"https:\/\/www.swiss-retail.ch\/fr\/wp-json\/wp\/v2\/pages"}],"about":[{"href":"https:\/\/www.swiss-retail.ch\/fr\/wp-json\/wp\/v2\/types\/page"}],"author":[{"embeddable":true,"href":"https:\/\/www.swiss-retail.ch\/fr\/wp-json\/wp\/v2\/users\/5"}],"replies":[{"embeddable":true,"href":"https:\/\/www.swiss-retail.ch\/fr\/wp-json\/wp\/v2\/comments?post=4523"}],"version-history":[{"count":25,"href":"https:\/\/www.swiss-retail.ch\/fr\/wp-json\/wp\/v2\/pages\/4523\/revisions"}],"predecessor-version":[{"id":19827,"href":"https:\/\/www.swiss-retail.ch\/fr\/wp-json\/wp\/v2\/pages\/4523\/revisions\/19827"}],"wp:attachment":[{"href":"https:\/\/www.swiss-retail.ch\/fr\/wp-json\/wp\/v2\/media?parent=4523"}],"curies":[{"name":"wp","href":"https:\/\/api.w.org\/{rel}","templated":true}]}}